{"id":11,"date":"2019-12-04T10:48:27","date_gmt":"2019-12-04T09:48:27","guid":{"rendered":"https:\/\/bueser-akademie.com\/?page_id=11"},"modified":"2020-07-24T11:06:54","modified_gmt":"2020-07-24T10:06:54","slug":"experten","status":"publish","type":"page","link":"https:\/\/bueser-akademie.com\/index.php\/experten\/","title":{"rendered":"Experten"},"content":{"rendered":"<p>[vc_row][vc_column width=&#8220;1\/1&#8243;][vc_column_text]<span style=\"font-family: Open Sans;\">Alle <strong>Trainer<\/strong> der Dr. B\u00fcser Management Akademie verf\u00fcgen \u00fcber eine akademische Ausbildung und jahrelange Praxiserfahrung. Weiterhin haben sie eine umfassende Weiterbildung in Neurodidaktik absolviert und werden regelm\u00e4\u00dfig durch interne Train-the-Trainer-Veranstaltungen fortgebildet. Die Dr. B\u00fcser Management Akademie legt h\u00f6chsten Wert auf eine langj\u00e4hrige kontinuierliche Zusammenarbeit mit allen Trainern.<\/span>[\/vc_column_text][\/vc_column][\/vc_row][vc_row][vc_column width=&#8220;1\/1&#8243;][vc_tabs vertical=&#8220;yes&#8220;][vc_tab title=&#8220;Dr. Tobias B\u00fcser&#8220; tab_id=&#8220;1584353415322-9-6&#8243;][vc_row_inner limit_content=&#8220;&#8220;][vc_column_inner width=&#8220;1\/4&#8243;][vc_single_image media=&#8220;213&#8243; media_width_use_pixel=&#8220;yes&#8220; shape=&#8220;img-round&#8220; media_width_pixel=&#8220;250&#8243;][vc_icon position=&#8220;left&#8220; icon=&#8220;fa fa-file-pdf-o&#8220; icon_color=&#8220;color-169240&#8243; background_style=&#8220;fa-rounded&#8220; size=&#8220;fa-3x&#8220; heading_semantic=&#8220;p&#8220; text_font=&#8220;font-275683&#8243; text_size=&#8220;&#8220; add_margin=&#8220;yes&#8220; link=&#8220;url:https%3A%2F%2Fbueser-akademie.com%2Fwp-content%2Fuploads%2F2020%2F01%2FBeraterprofil-Klaudia-Spandl.pdf||target:%20_blank|&#8220;][\/vc_icon][\/vc_column_inner][vc_column_inner column_width_percent=&#8220;100&#8243; gutter_size=&#8220;2&#8243; overlay_alpha=&#8220;50&#8243; shift_x=&#8220;0&#8243; shift_y=&#8220;0&#8243; shift_y_down=&#8220;0&#8243; z_index=&#8220;0&#8243; medium_width=&#8220;0&#8243; mobile_width=&#8220;0&#8243; width=&#8220;3\/4&#8243;][vc_custom_heading heading_semantic=&#8220;p&#8220; text_size=&#8220;&#8220; text_color=&#8220;color-169240&#8243;]Beratungsschwerpunkte[\/vc_custom_heading][vc_column_text]<\/p>\n<ul>\n<li>Entwicklungsprogramme f\u00fcr F\u00fchrungskr\u00e4fte<\/li>\n<li>Strategische Unternehmensentwicklung<\/li>\n<li>Strategische Personalentwicklung<\/li>\n<li>F\u00fchrungskr\u00e4fte-Coaching<\/li>\n<li>Stress- und Burnout-Coaching<\/li>\n<li>Moderation von Veranstaltungen<\/li>\n<li>Seminare an Hochschulen<\/li>\n<\/ul>\n<p>[\/vc_column_text][vc_custom_heading heading_semantic=&#8220;p&#8220; text_size=&#8220;&#8220; text_color=&#8220;color-169240&#8243;]Bisherige T\u00e4tigkeitsfelder[\/vc_custom_heading][vc_column_text]<\/p>\n<ul>\n<li>1990 \u2013 1991: Steuerberatung<\/li>\n<li>1992 \u2013 2002: Lehre und Forschung, Schwerpunkt Wirtschaftsp\u00e4dagogik, Personalentwicklung, Managementtraining (Johann Wolfgang Goethe-Universit\u00e4t, Frankfurt\/M.)<\/li>\n<li>1998 \u2013 2003: Lehre in internationalen MBA-Programmen<\/li>\n<li>seit 1999: Berater in zahlreichen Projekten<\/li>\n<li>2003 \u2013 2010: Gesch\u00e4ftsf\u00fchrender Gesellschafter von new.management concept<\/li>\n<li>seit 2011: Eigent\u00fcmer der Dr. B\u00fcser Management Akademie<\/li>\n<\/ul>\n<p>[\/vc_column_text][vc_custom_heading heading_semantic=&#8220;p&#8220; text_size=&#8220;&#8220; text_color=&#8220;color-169240&#8243;]Aus- und Weiterbildungen[\/vc_custom_heading][vc_column_text]<\/p>\n<ul>\n<li>Dipl.-Kaufmann, Dipl.-Handelslehrer<\/li>\n<li>Promotion Dr. rer. pol. (Diss.: Wirtschaftsp\u00e4dagogik und Unternehmenskultur)<\/li>\n<li>NLP-Practitioner, NLP-Master<\/li>\n<li>Zertifizierter Demografie-Berater (Rebequa)<\/li>\n<li>Zertifizierter BWL-Planspieltrainer (TATA-Interactive Systems\/Topsim)<\/li>\n<li>Akkreditiert in TMS\u00a0Management System (TMS)<\/li>\n<li>Akkreditiert in Master Management Profile (MPA)<\/li>\n<\/ul>\n<p>[\/vc_column_text][vc_custom_heading heading_semantic=&#8220;p&#8220; text_size=&#8220;&#8220; text_color=&#8220;color-169240&#8243;]Seminarsprachen[\/vc_custom_heading][vc_column_text]<\/p>\n<ul>\n<li>Deutsch<\/li>\n<li>Englisch<\/li>\n<\/ul>\n<p>[\/vc_column_text][vc_custom_heading heading_semantic=&#8220;p&#8220; text_size=&#8220;&#8220; text_color=&#8220;color-169240&#8243;]Referenzen (Auswahl)[\/vc_custom_heading][vc_column_text]<\/p>\n<ul>\n<li>Creditreform, Neuss (Wirtschaftsauskunft)<\/li>\n<li>Lufthansa AG, Frankfurt\/M.<\/li>\n<li>Schmolz + Bickenbach, D\u00fcsseldorf (Stahl)<\/li>\n<li>Linde MH, Aschaffenburg (Gabelstapler)<\/li>\n<li>KRONOS, Leverkusen (Chemie)<\/li>\n<li>Goethe Business School (GBS), Frankfurt\/M.<\/li>\n<li>Hochschule f\u00fcr \u00d6konomie und Management (FOM), Frankfurt\/M.<\/li>\n<li>Gesamtverband der kunststoffverarbeitenden Industrie (GKV), Frankfurt\/M.<\/li>\n<li>\u00c4rzte ohne Grenzen<\/li>\n<li>Bucher + Suter AG, Heppenheim (IT\/Callcenter)<\/li>\n<li>AHC Oberfl\u00e4chentechnik, Kerpen<\/li>\n<li>Flughafen Berlin-Brandenburg, Berlin<\/li>\n<\/ul>\n<p>[\/vc_column_text][\/vc_column_inner][\/vc_row_inner][\/vc_tab][vc_tab title=&#8220;Prof. Dr. Carsten Steinert&#8220; tab_id=&#8220;1576770192-2-32&#8243;][vc_row_inner limit_content=&#8220;&#8220;][vc_column_inner width=&#8220;1\/4&#8243;][vc_single_image media=&#8220;224&#8243; media_width_use_pixel=&#8220;yes&#8220; shape=&#8220;img-round&#8220; media_width_pixel=&#8220;250&#8243;][vc_icon position=&#8220;left&#8220; icon=&#8220;fa fa-file-pdf-o&#8220; icon_color=&#8220;color-169240&#8243; background_style=&#8220;fa-rounded&#8220; size=&#8220;fa-3x&#8220; heading_semantic=&#8220;p&#8220; text_font=&#8220;font-275683&#8243; text_size=&#8220;&#8220; add_margin=&#8220;yes&#8220; link=&#8220;url:https%3A%2F%2Fbueser-akademie.com%2Fwp-content%2Fuploads%2F2020%2F01%2FBeraterprofil_Prof_Steinert_bueser_akademie.pdf||target:%20_blank|&#8220;][\/vc_icon][\/vc_column_inner][vc_column_inner column_width_percent=&#8220;100&#8243; gutter_size=&#8220;2&#8243; overlay_alpha=&#8220;50&#8243; shift_x=&#8220;0&#8243; shift_y=&#8220;0&#8243; shift_y_down=&#8220;0&#8243; z_index=&#8220;0&#8243; medium_width=&#8220;0&#8243; mobile_width=&#8220;0&#8243; width=&#8220;3\/4&#8243;][vc_custom_heading heading_semantic=&#8220;p&#8220; text_size=&#8220;&#8220; text_color=&#8220;color-169240&#8243;]Beratungsschwerpunkte[\/vc_custom_heading][vc_column_text]<\/p>\n<ul>\n<li>Strategisches Personalmanagement<\/li>\n<li>Entwicklungsprogramme f\u00fcr Fach- und F\u00fchrungskr\u00e4fte<\/li>\n<li>Change Management<\/li>\n<li>Talentmanagement<\/li>\n<li>Kommunikation und Konfliktmanagement<\/li>\n<li>Teamentwicklung<\/li>\n<li>Management-Diagnostik<\/li>\n<li>Verg\u00fctungssysteme<\/li>\n<li>Personalfreisetzungen<\/li>\n<\/ul>\n<p>[\/vc_column_text][vc_custom_heading heading_semantic=&#8220;p&#8220; text_size=&#8220;&#8220; text_color=&#8220;color-169240&#8243;]Bisherige T\u00e4tigkeitsfelder[\/vc_custom_heading][vc_column_text]<\/p>\n<ul>\n<li>Personal- und Organisationsentwicklung<\/li>\n<li>Strategisches und operatives Personalmanagement<\/li>\n<li>F\u00fchrungskr\u00e4fteberatung\/Coaching<\/li>\n<li>Arbeitsrecht<\/li>\n<\/ul>\n<p>[\/vc_column_text][vc_custom_heading heading_semantic=&#8220;p&#8220; text_size=&#8220;&#8220; text_color=&#8220;color-169240&#8243;]Aus- und Weiterbildung[\/vc_custom_heading][vc_column_text]<\/p>\n<ul>\n<li>Dipl.-Handelslehrer<\/li>\n<li>Promotion Dr. rer. pol.<\/li>\n<li>NLP-Ausbildung<\/li>\n<li>Business-Coach-Ausbildung<\/li>\n<li>Zertifizierter Planspieltrainer<\/li>\n<li>Zertifizierter TMS-Trainer<\/li>\n<\/ul>\n<p>[\/vc_column_text][vc_custom_heading heading_semantic=&#8220;p&#8220; text_size=&#8220;&#8220; text_color=&#8220;color-169240&#8243;]Seminarsprachen[\/vc_custom_heading][vc_column_text]<\/p>\n<ul>\n<li>Deutsch<\/li>\n<li>Englisch<\/li>\n<\/ul>\n<p>[\/vc_column_text][vc_custom_heading heading_semantic=&#8220;p&#8220; text_size=&#8220;&#8220; text_color=&#8220;color-169240&#8243;]Referenzen (Auswahl)[\/vc_custom_heading][vc_column_text]<\/p>\n<ul>\n<li>Deutsche Leasing AG, Bad Homburg<\/li>\n<li>Schmolz + Bickenbach, D\u00fcsseldorf (Stahlproduktion)<\/li>\n<li>Verband Markenunabh\u00e4ngiger Fuhrparkmanagementunternehmen (VMF)<\/li>\n<li>Stadtwerke Osnabr\u00fcck AG<\/li>\n<li>Georgsmarienh\u00fctte GmbH<\/li>\n<li>Deutsche Bahn AG<\/li>\n<\/ul>\n<p>[\/vc_column_text][\/vc_column_inner][\/vc_row_inner][\/vc_tab][vc_tab title=&#8220;Dr. Jenny Kipper&#8220; tab_id=&#8220;1576770192-1-66&#8243;][vc_row_inner limit_content=&#8220;&#8220;][vc_column_inner width=&#8220;1\/4&#8243;][vc_single_image media=&#8220;606&#8243; media_width_use_pixel=&#8220;yes&#8220; shape=&#8220;img-round&#8220; media_width_pixel=&#8220;250&#8243;][vc_icon position=&#8220;left&#8220; icon=&#8220;fa fa-file-pdf-o&#8220; icon_color=&#8220;color-169240&#8243; background_style=&#8220;fa-rounded&#8220; size=&#8220;fa-3x&#8220; heading_semantic=&#8220;p&#8220; text_font=&#8220;font-275683&#8243; text_size=&#8220;&#8220; add_margin=&#8220;yes&#8220; link=&#8220;url:https%3A%2F%2Fbueser-akademie.com%2Fwp-content%2Fuploads%2F2020%2F03%2FBeraterprofil-Dr.-Jenny-Kipper.pdf||target:%20_blank|&#8220;][\/vc_icon][\/vc_column_inner][vc_column_inner column_width_percent=&#8220;100&#8243; gutter_size=&#8220;2&#8243; overlay_alpha=&#8220;50&#8243; shift_x=&#8220;0&#8243; shift_y=&#8220;0&#8243; shift_y_down=&#8220;0&#8243; z_index=&#8220;0&#8243; medium_width=&#8220;0&#8243; mobile_width=&#8220;0&#8243; width=&#8220;3\/4&#8243;][vc_custom_heading heading_semantic=&#8220;p&#8220; text_size=&#8220;&#8220; text_color=&#8220;color-169240&#8243;]Beratungsschwerpunkte[\/vc_custom_heading][vc_column_text]<\/p>\n<ul>\n<li>Pers\u00f6nlichkeitsentwicklung &amp; Selbstreflexion\/Coaching<\/li>\n<li>Organisationsentwicklung<\/li>\n<li>F\u00fchrungskr\u00e4fteentwicklung<\/li>\n<li>Teamentwicklung<\/li>\n<li>Moderation und Pr\u00e4sentation<\/li>\n<li>Wissenschaftliche Beratung<\/li>\n<li>Begleitung von individuellen und organisationalen Ver\u00e4nderungsprozessen, die durch Digitalisierung, neue Arbeitsformen und Managementinitiativen entstehen<\/li>\n<li>Erhalten von Selbststeuerungsf\u00e4higkeit &amp; gesundes Agieren<\/li>\n<\/ul>\n<p>[\/vc_column_text][vc_custom_heading heading_semantic=&#8220;p&#8220; text_size=&#8220;&#8220; text_color=&#8220;color-169240&#8243;]Bisherige T\u00e4tigkeitsfelder[\/vc_custom_heading][vc_column_text]<\/p>\n<ul>\n<li>Wissenschaftliche Beratung &amp; Projektmanagement<\/li>\n<li>Personalberatung<\/li>\n<li>Beratung &amp; strategisches Produktmanagement zu Personaldienstleistungsservices<\/li>\n<li>Europ\u00e4isches Netzwerkmanagement<\/li>\n<li>Lehrbeauftragte\/Dozentin Goethe-Universit\u00e4t und Frankfurt University of Applied Sciences (Themenschwerpunkte: Organisationen, Beratung, Pers\u00f6nlichkeitsentwicklung, Selbstreflexion, Weiterbildungskonzeption, Qualit\u00e4tsmanagement, Interviews F\u00fchren, Coaching, \u2026)<\/li>\n<\/ul>\n<p>[\/vc_column_text][vc_custom_heading heading_semantic=&#8220;p&#8220; text_size=&#8220;&#8220; text_color=&#8220;color-169240&#8243;]Aus- und Weiterbildungen[\/vc_custom_heading][vc_column_text]<\/p>\n<ul>\n<li>Dipl.-P\u00e4dagogin, Schwerpunkt Erwachsenenbildung, Wirtschaftsp\u00e4dagogik, Beratung, Organisationsentwicklung, Qualit\u00e4tsmanagement, Personalentwicklung<\/li>\n<li>Promotion Dr. phil. (Diss.: Schwerpunkt Organisations-, Personal- und Qualit\u00e4tsentwicklung in Gro\u00dfunternehmen)<\/li>\n<li>Systemisches Coaching<\/li>\n<li>Systemische Organisationsentwicklung (DGSF zertifiziert)<\/li>\n<li>Trainer Erwachsenenbildung<\/li>\n<\/ul>\n<p>[\/vc_column_text][vc_custom_heading heading_semantic=&#8220;p&#8220; text_size=&#8220;&#8220; text_color=&#8220;color-169240&#8243;]Seminarsprachen[\/vc_custom_heading][vc_column_text]<\/p>\n<ul>\n<li>Deutsch<\/li>\n<li>Englisch<\/li>\n<\/ul>\n<p>[\/vc_column_text][\/vc_column_inner][\/vc_row_inner][\/vc_tab][vc_tab title=&#8220;Prof. Dr. Holger Stein&#8220; tab_id=&#8220;1585121493016-7-5&#8243;][vc_row_inner limit_content=&#8220;&#8220;][vc_column_inner width=&#8220;1\/4&#8243;][vc_single_image media=&#8220;624&#8243; media_width_use_pixel=&#8220;yes&#8220; shape=&#8220;img-round&#8220; media_width_pixel=&#8220;250&#8243;][vc_icon position=&#8220;left&#8220; icon=&#8220;fa fa-file-pdf-o&#8220; icon_color=&#8220;color-169240&#8243; background_style=&#8220;fa-rounded&#8220; size=&#8220;fa-3x&#8220; heading_semantic=&#8220;p&#8220; text_font=&#8220;font-275683&#8243; text_size=&#8220;&#8220; add_margin=&#8220;yes&#8220; link=&#8220;url:https%3A%2F%2Fbueser-akademie.com%2Fwp-content%2Fuploads%2F2020%2F03%2FBeraterprofil-Prof.-Dr.-Holger-Stein.pdf||target:%20_blank|&#8220;][\/vc_icon][\/vc_column_inner][vc_column_inner column_width_percent=&#8220;100&#8243; gutter_size=&#8220;2&#8243; overlay_alpha=&#8220;50&#8243; shift_x=&#8220;0&#8243; shift_y=&#8220;0&#8243; shift_y_down=&#8220;0&#8243; z_index=&#8220;0&#8243; medium_width=&#8220;0&#8243; mobile_width=&#8220;0&#8243; width=&#8220;3\/4&#8243;][vc_custom_heading heading_semantic=&#8220;p&#8220; text_size=&#8220;&#8220; text_color=&#8220;color-169240&#8243;]Beratungsschwerpunkte[\/vc_custom_heading][vc_column_text]<\/p>\n<ul>\n<li>Entwicklungsprogramme f\u00fcr F\u00fchrungskr\u00e4fte, Potentialtr\u00e4ger, Projektmanager, Fachspezialisten, Hochleistungsteams<\/li>\n<li>Management- und Soft-Skill-Trainings<\/li>\n<li>F\u00fchrungskr\u00e4fte-Coaching<\/li>\n<li>Moderation von Veranstaltungen<\/li>\n<li>Strategische Unternehmensentwicklung<\/li>\n<li>Agile Organisationsentwicklung<\/li>\n<li>Agiles Projektmanagement<\/li>\n<li>Post Merger Integration<\/li>\n<li>Nachfolge-Beratung<\/li>\n<li>Mediation, Alignment<\/li>\n<li>Begleitung von Unternehmen in der Krise<\/li>\n<li>Seminare an Hochschulen<\/li>\n<\/ul>\n<p>[\/vc_column_text][vc_custom_heading heading_semantic=&#8220;p&#8220; text_size=&#8220;&#8220; text_color=&#8220;color-169240&#8243;]Bisherige T\u00e4tigkeitsfelder[\/vc_custom_heading][vc_column_text]<\/p>\n<ul>\n<li>1988 \u2013 1990: Bankwesen<\/li>\n<li>1990 \u2013 2000: Rettungsdienst<\/li>\n<li>1998 \u2013 2004: Lehre und Forschung, Schwerpunkt Volkswirtschaftslehre (Johann Wolfgang Goethe-Universit\u00e4t, Frankfurt\/M.)<\/li>\n<li>2005 \u2013 2008: freiberufliche T\u00e4tigkeit<\/li>\n<li>seit 2008: Professor f\u00fcr Betriebswirtschaftslehre, insbesondere Unternehmensf\u00fchrung sowie freiberufliche T\u00e4tigkeit<\/li>\n<li>seit 2019: Eigent\u00fcmer der Stein Beratungsgesellschaft mbH<\/li>\n<\/ul>\n<p>[\/vc_column_text][vc_custom_heading heading_semantic=&#8220;p&#8220; text_size=&#8220;&#8220; text_color=&#8220;color-169240&#8243;]Aus- und Weiterbildungen[\/vc_custom_heading][vc_column_text]<\/p>\n<ul>\n<li>Bankkaufmann, Deutsche Bank AG, Hanau<\/li>\n<li>Rettungssanit\u00e4ter<\/li>\n<li>Diplom-Handelslehrer<\/li>\n<li>Promotion Dr. rer. pol. (Diss.: Verm\u00f6gensverteilung in Deutschland)<\/li>\n<\/ul>\n<p>[\/vc_column_text][vc_custom_heading heading_semantic=&#8220;p&#8220; text_size=&#8220;&#8220; text_color=&#8220;color-169240&#8243;]Seminarsprachen[\/vc_custom_heading][vc_column_text]<\/p>\n<ul>\n<li>Deutsch<\/li>\n<li>Englisch<\/li>\n<\/ul>\n<p>[\/vc_column_text][vc_custom_heading heading_semantic=&#8220;p&#8220; text_size=&#8220;&#8220; text_color=&#8220;color-169240&#8243;]Referenzen (Auswahl)[\/vc_custom_heading][vc_column_text]<\/p>\n<ul>\n<li>StandexMeder, Singen (Hohentwiel)<\/li>\n<li>Gruss Baudienstleistungen, Maintal<\/li>\n<li>Apriori, Frankfurt\/M.<\/li>\n<li>BERA Corporate University, Heilbronn<\/li>\n<li>24\/7 United Billing GmbH, Offenbach a. M.<\/li>\n<li>Wachendorff Elektronik GmbH &amp; Co. KG, Geisenheim<\/li>\n<li>FOM \u2013 Hochschule f\u00fcr Oekonomie und Management, Frankfurt\/M. und Essen<\/li>\n<li>Verwaltungs- und Wirtschaftsakademie, Frankfurt\/M. und Offenbach<\/li>\n<li>Hessische Berufsakademie, Frankfurt\/M.<\/li>\n<\/ul>\n<p>[\/vc_column_text][\/vc_column_inner][\/vc_row_inner][\/vc_tab][vc_tab title=&#8220;Dr. Angela Velthuis&#8220; tab_id=&#8220;1580119665493-9-2&#8243;][vc_row_inner limit_content=&#8220;&#8220;][vc_column_inner width=&#8220;1\/4&#8243;][vc_single_image media=&#8220;231&#8243; media_width_use_pixel=&#8220;yes&#8220; shape=&#8220;img-round&#8220; media_width_pixel=&#8220;250&#8243;][vc_icon position=&#8220;left&#8220; icon=&#8220;fa fa-file-pdf-o&#8220; icon_color=&#8220;color-169240&#8243; background_style=&#8220;fa-rounded&#8220; size=&#8220;fa-3x&#8220; heading_semantic=&#8220;p&#8220; text_font=&#8220;font-275683&#8243; text_size=&#8220;&#8220; add_margin=&#8220;yes&#8220; link=&#8220;url:https%3A%2F%2Fbueser-akademie.com%2Fwp-content%2Fuploads%2F2020%2F03%2FBeraterprofil-Dr.-Angela-Velthuis.pdf||target:%20_blank|&#8220;][\/vc_icon][\/vc_column_inner][vc_column_inner column_width_percent=&#8220;100&#8243; gutter_size=&#8220;2&#8243; overlay_alpha=&#8220;50&#8243; shift_x=&#8220;0&#8243; shift_y=&#8220;0&#8243; shift_y_down=&#8220;0&#8243; z_index=&#8220;0&#8243; medium_width=&#8220;0&#8243; mobile_width=&#8220;0&#8243; width=&#8220;3\/4&#8243;][vc_custom_heading heading_semantic=&#8220;p&#8220; text_size=&#8220;&#8220; text_color=&#8220;color-169240&#8243;]Beratungsschwerpunkte[\/vc_custom_heading][vc_column_text]<\/p>\n<ul>\n<li>Entwicklungsprogramme f\u00fcr F\u00fchrungskr\u00e4fte<\/li>\n<li>Management-und Soft-Skill-Trainings<\/li>\n<li>F\u00fchrungskr\u00e4fte-Coaching<\/li>\n<li>Teamcoaching<\/li>\n<li>Konflikt-Coaching und Mediation<\/li>\n<li>Moderation von (Gro\u00df-)Veranstaltungen<\/li>\n<\/ul>\n<p>[\/vc_column_text][vc_custom_heading heading_semantic=&#8220;p&#8220; text_size=&#8220;&#8220; text_color=&#8220;color-169240&#8243;]Bisherige T\u00e4tigkeitsfelder[\/vc_custom_heading][vc_column_text]<\/p>\n<ul>\n<li>Wissenschaftliche Mitarbeiterin der Johann Wolfgang Goethe-Universit\u00e4t, Frankfurt\/M.<\/li>\n<li>Stabsfunktionen inkl. Vertriebsschulungen, DBV-Winterthur Versicherungen\/AXA, Wiesbaden<\/li>\n<\/ul>\n<p>[\/vc_column_text][vc_custom_heading heading_semantic=&#8220;p&#8220; text_size=&#8220;&#8220; text_color=&#8220;color-169240&#8243;]Aus- und Weiterbildung[\/vc_custom_heading][vc_column_text]<\/p>\n<ul>\n<li>Diplom-Finanzwirtin, Diplom-Kauffrau<\/li>\n<li>Promotion Dr. rer. pol.<\/li>\n<li>Trainerausbildung<\/li>\n<li>NLP-Practitioner I und II<\/li>\n<li>Akkreditierte TMS-Beraterin und Trainerin<\/li>\n<li>Zertifizierte Neurokompetenz-Trainerin<\/li>\n<li>Business Coach<\/li>\n<\/ul>\n<p>[\/vc_column_text][vc_custom_heading heading_semantic=&#8220;p&#8220; text_size=&#8220;&#8220; text_color=&#8220;color-169240&#8243;]Seminarsprachen[\/vc_custom_heading][vc_column_text]<\/p>\n<ul>\n<li>Deutsch<\/li>\n<\/ul>\n<p>[\/vc_column_text][vc_custom_heading heading_semantic=&#8220;p&#8220; text_size=&#8220;&#8220; text_color=&#8220;color-169240&#8243;]Referenzen (Auswahl)[\/vc_custom_heading][vc_column_text]<\/p>\n<ul>\n<li>Linde MH, Aschaffenburg<\/li>\n<li>Schmolz + Bickenbach, D\u00fcsseldorf<\/li>\n<li>Bucher + Suter AG, Heppenheim<\/li>\n<li>Commerzbank AG, Frankfurt\/M.<\/li>\n<li>Computerlinks\/Arrow ECS, M\u00fcnchen, Dreieich<\/li>\n<li>Kreisverwaltung Main-Taunus-Kreis<\/li>\n<li>Stadtverwaltungen Eschborn, Frankfurt\/M., Wiesbaden<\/li>\n<li>Johannes Gutenberg-Universit\u00e4t, Mainz<\/li>\n<li>Hochschulverbund T\u00fcbingen-Hohenheim<\/li>\n<li>Polizei Hessen<\/li>\n<li>Telekom<\/li>\n<li>Hessisches Ministerium des Innern und f\u00fcr Sport<\/li>\n<li>Ministerium f\u00fcr Bildung Rheinland-Pfalz<\/li>\n<li>Ministerium f\u00fcr Wissenschaft, Weiterbildung und Kultur Rheinland-Pfalz<\/li>\n<li>Regierungspr\u00e4sidium Darmstadt<\/li>\n<\/ul>\n<p>[\/vc_column_text][\/vc_column_inner][\/vc_row_inner][\/vc_tab][vc_tab title=&#8220;Klaudia Spandl&#8220; tab_id=&#8220;1592299345100-8-8&#8243;][vc_row_inner limit_content=&#8220;&#8220;][vc_column_inner width=&#8220;1\/4&#8243;][vc_single_image media=&#8220;1296&#8243; media_width_use_pixel=&#8220;yes&#8220; shape=&#8220;img-round&#8220; media_width_pixel=&#8220;250&#8243;][vc_icon position=&#8220;left&#8220; icon=&#8220;fa fa-file-pdf-o&#8220; icon_color=&#8220;color-169240&#8243; background_style=&#8220;fa-rounded&#8220; size=&#8220;fa-3x&#8220; heading_semantic=&#8220;p&#8220; text_font=&#8220;font-275683&#8243; text_size=&#8220;&#8220; add_margin=&#8220;yes&#8220; link=&#8220;url:https%3A%2F%2Fbueser-akademie.com%2Fwp-content%2Fuploads%2F2020%2F06%2FBeraterprofil-Klaudia-Spandl.pdf||target:%20_blank|&#8220;][\/vc_icon][\/vc_column_inner][vc_column_inner column_width_percent=&#8220;100&#8243; gutter_size=&#8220;2&#8243; overlay_alpha=&#8220;50&#8243; shift_x=&#8220;0&#8243; shift_y=&#8220;0&#8243; shift_y_down=&#8220;0&#8243; z_index=&#8220;0&#8243; medium_width=&#8220;0&#8243; mobile_width=&#8220;0&#8243; width=&#8220;3\/4&#8243;][vc_custom_heading heading_semantic=&#8220;p&#8220; text_size=&#8220;&#8220; text_color=&#8220;color-169240&#8243;]Beratungsschwerpunkte[\/vc_custom_heading][vc_column_text]<\/p>\n<ul>\n<li>Supervision + Coaching<\/li>\n<li>Teamcoaching\/Teamentwicklung<\/li>\n<li>Organisations- und F\u00fchrungskr\u00e4fteberatung<\/li>\n<li>Konfliktmoderation\/Krisenintervention<\/li>\n<li>Moderation von Veranstaltungen<\/li>\n<li>Ver\u00e4nderungsbegleitung\/Change Management<\/li>\n<li>Einzel- und Paarberatung\/-therapie<\/li>\n<\/ul>\n<p>[\/vc_column_text][vc_custom_heading heading_semantic=&#8220;p&#8220; text_size=&#8220;&#8220; text_color=&#8220;color-169240&#8243;]Bisherige T\u00e4tigkeitsfelder[\/vc_custom_heading][vc_column_text]<\/p>\n<ul>\n<li>seit 2010: Selbst\u00e4ndig als Coach, Supervisorin und humanistische Psychotherapeutin Heilpraktiker<\/li>\n<li>Betriebliche Sozialberatung in der Deutschen Bundesbank<\/li>\n<li>Sozialp\u00e4dagogin im Jugendamt Frankfurt<\/li>\n<li>Bezugstherapeutin f\u00fcr Einzel- und Gruppentherapie in der Salus Suchtklinik Friedberg<\/li>\n<li>Suchtberaterin in der Psychosozialen Beratungsstelle der Caritas Aschaffenburg<\/li>\n<li>Drogenberaterin in der JVA Aschaffenburg<\/li>\n<li>Sozialp\u00e4dagogin im Arbeitsamt Aschaffenburg<\/li>\n<li>Umweltp\u00e4dagogin in Schulen<\/li>\n<li>Sachbearbeiterin in der Bekleidungsindustrie<\/li>\n<li>Einzelhandelskauffrau bei Karstadt<\/li>\n<\/ul>\n<p>[\/vc_column_text][vc_custom_heading heading_semantic=&#8220;p&#8220; text_size=&#8220;&#8220; text_color=&#8220;color-169240&#8243;]Aus- und Weiterbildungen[\/vc_custom_heading][vc_column_text]<\/p>\n<ul>\n<li>Sozialp\u00e4dagogin FH<\/li>\n<li>Coach und Supervisorin (gem. DGSv)<\/li>\n<li>Organisationsberatung (TOPS Berlin-M\u00fcnchen)<\/li>\n<li>Psychotherapie HeilprG<\/li>\n<li>Zertifikat in Humanistischer Psychotherapie (AGHPT + DFP)<\/li>\n<li>Systemisch-Integrative Paartherapeutin<\/li>\n<li>Psychodrama-Suchttherapeutin (DRV anerkannt)<\/li>\n<li>Psychodrama-Praktikerin f\u00fcr Beratung und Gruppenleitung (DFP)<\/li>\n<li>Einzelhandelskauffrau<\/li>\n<\/ul>\n<p>[\/vc_column_text][vc_custom_heading heading_semantic=&#8220;p&#8220; text_size=&#8220;&#8220; text_color=&#8220;color-169240&#8243;]Weitere Kompetenzen[\/vc_custom_heading][vc_column_text]<\/p>\n<ul>\n<li>Interkulturelle Kompetenzen<\/li>\n<li>Dozentin f\u00fcr Raucherfrei-Seminare (KV-zertifiziert)<\/li>\n<li>Seminarleitung f\u00fcr Stressmanagementseminare (KV-zertifiziert)<\/li>\n<\/ul>\n<p>[\/vc_column_text][vc_custom_heading heading_semantic=&#8220;p&#8220; text_size=&#8220;&#8220; text_color=&#8220;color-169240&#8243;]Pers\u00f6nliches[\/vc_custom_heading][vc_column_text]<\/p>\n<ul>\n<li>Weltenbummlerin: 2007 \u2013 2008 Auszeit; 16 Monate mit dem Rucksack durch 14 L\u00e4nder auf vier Kontinenten<\/li>\n<li>Wissen und handwerkliche F\u00e4higkeiten in der Baubiologie<\/li>\n<li>2 T\u00f6chter, 3 Enkelkinder<\/li>\n<\/ul>\n<p>[\/vc_column_text][\/vc_column_inner][\/vc_row_inner][\/vc_tab][vc_tab title=&#8220;Dr. Peter Hasbach&#8220; tab_id=&#8220;1580128340220-9-0&#8243;][vc_row_inner limit_content=&#8220;&#8220;][vc_column_inner width=&#8220;1\/4&#8243;][vc_single_image media=&#8220;241&#8243; media_width_use_pixel=&#8220;yes&#8220; shape=&#8220;img-round&#8220; media_width_pixel=&#8220;250&#8243;][vc_icon position=&#8220;left&#8220; icon=&#8220;fa fa-file-pdf-o&#8220; icon_color=&#8220;color-169240&#8243; background_style=&#8220;fa-rounded&#8220; size=&#8220;fa-3x&#8220; heading_semantic=&#8220;p&#8220; text_font=&#8220;font-275683&#8243; text_size=&#8220;&#8220; add_margin=&#8220;yes&#8220; link=&#8220;url:https%3A%2F%2Fbueser-akademie.com%2Fwp-content%2Fuploads%2F2020%2F01%2FBeraterprofil_Dr_Hasbach_Bueser_akademie.pdf||target:%20_blank|&#8220;][\/vc_icon][\/vc_column_inner][vc_column_inner column_width_percent=&#8220;100&#8243; gutter_size=&#8220;2&#8243; overlay_alpha=&#8220;50&#8243; shift_x=&#8220;0&#8243; shift_y=&#8220;0&#8243; shift_y_down=&#8220;0&#8243; z_index=&#8220;0&#8243; medium_width=&#8220;0&#8243; mobile_width=&#8220;0&#8243; width=&#8220;3\/4&#8243;][vc_custom_heading heading_semantic=&#8220;p&#8220; text_size=&#8220;&#8220; text_color=&#8220;color-169240&#8243;]Beratungsschwerpunkte[\/vc_custom_heading][vc_column_text]<\/p>\n<ul>\n<li>Strategische Unternehmensf\u00fchrung<\/li>\n<li>Organisationsentwicklung und Ver\u00e4nderungsprozesse<\/li>\n<li>Leistungsprozesse<\/li>\n<li>Projektmanagement<\/li>\n<li>Marketing- und Vertriebsoptimierung<\/li>\n<li>Business Coaching<\/li>\n<\/ul>\n<p>[\/vc_column_text][vc_custom_heading heading_semantic=&#8220;p&#8220; text_size=&#8220;&#8220; text_color=&#8220;color-169240&#8243;]Bisherige T\u00e4tigkeitsfelder[\/vc_custom_heading][vc_column_text]<\/p>\n<ul>\n<li>Laborleiter kunststoffverarbeitende Industrie<\/li>\n<li>Marketing- und Vertriebsleiter kunststoffverarbeitende Industrie<\/li>\n<li>Leiter Entwicklung und Qualit\u00e4tsmanagement<\/li>\n<li>Gesch\u00e4ftsf\u00fchrer, kunststoffverarbeitende Industrie<\/li>\n<li>seit 2001 selbst\u00e4ndiger Unternehmensberater f\u00fcr mittelst\u00e4ndische Unternehmen<\/li>\n<li>seit 2004 Business Coach f\u00fcr F\u00fchrungskr\u00e4fte und Projektleiter<\/li>\n<\/ul>\n<p>[\/vc_column_text][vc_custom_heading heading_semantic=&#8220;p&#8220; text_size=&#8220;&#8220; text_color=&#8220;color-169240&#8243;]Aus- und Weiterbildung[\/vc_custom_heading][vc_column_text]<\/p>\n<ul>\n<li>Promotion Dr. rer. nat., Universit\u00e4t Mainz<\/li>\n<li>USW-Management Seminar (Schloss Gracht)<\/li>\n<li>Marketing (Prof. Sabel, Hoechst AG)<\/li>\n<li>Export to Japan Study Program (JETRO, Japan)<\/li>\n<li>Rating Advisor (URA und Rating Akademie Rheinland-Pfalz e. V.)<\/li>\n<li>NLP-Master (DVNLP)<\/li>\n<\/ul>\n<p>[\/vc_column_text][vc_custom_heading heading_semantic=&#8220;p&#8220; text_size=&#8220;&#8220; text_color=&#8220;color-169240&#8243;]Seminarsprachen[\/vc_custom_heading][vc_column_text]<\/p>\n<ul>\n<li>Deutsch<\/li>\n<li>Englisch<\/li>\n<\/ul>\n<p>[\/vc_column_text][\/vc_column_inner][\/vc_row_inner][\/vc_tab][vc_tab title=&#8220;Anke Welkoborsky&#8220; tab_id=&#8220;1580121150503-9-7&#8243;][vc_row_inner limit_content=&#8220;&#8220;][vc_column_inner width=&#8220;1\/4&#8243;][vc_single_image media=&#8220;235&#8243; media_width_use_pixel=&#8220;yes&#8220; shape=&#8220;img-round&#8220; media_width_pixel=&#8220;250&#8243;][vc_icon position=&#8220;left&#8220; icon=&#8220;fa fa-file-pdf-o&#8220; icon_color=&#8220;color-169240&#8243; background_style=&#8220;fa-rounded&#8220; size=&#8220;fa-3x&#8220; heading_semantic=&#8220;p&#8220; text_font=&#8220;font-275683&#8243; text_size=&#8220;&#8220; add_margin=&#8220;yes&#8220; link=&#8220;url:https%3A%2F%2Fbueser-akademie.com%2Fwp-content%2Fuploads%2F2020%2F01%2FBeraterprofil_Anke_Welkoborsky.pdf||target:%20_blank|&#8220;][\/vc_icon][\/vc_column_inner][vc_column_inner column_width_percent=&#8220;100&#8243; gutter_size=&#8220;2&#8243; overlay_alpha=&#8220;50&#8243; shift_x=&#8220;0&#8243; shift_y=&#8220;0&#8243; shift_y_down=&#8220;0&#8243; z_index=&#8220;0&#8243; medium_width=&#8220;0&#8243; mobile_width=&#8220;0&#8243; width=&#8220;3\/4&#8243;][vc_custom_heading heading_semantic=&#8220;p&#8220; text_size=&#8220;&#8220; text_color=&#8220;color-169240&#8243;]Beratungsschwerpunkte[\/vc_custom_heading][vc_column_text]<\/p>\n<ul>\n<li>Konfliktmanagement: Training und Beratung<\/li>\n<li>Konfliktmanagementsysteme in Unternehmen<\/li>\n<li>Change Management: Der Prozess im Unternehmen<\/li>\n<li>Kollegiale Beratung<\/li>\n<li>Teamtraining\/Teamentwicklung<\/li>\n<li>Beratungen und Trainings zur Erh\u00f6hung der Kommunikations- und Sozialkompetenz<\/li>\n<li>Entwicklungsprogramme f\u00fcr F\u00fchrungskr\u00e4fte<\/li>\n<li>Coaching<\/li>\n<li>Pers\u00f6nlichkeitsentwicklung<\/li>\n<li>Moderation von Veranstaltungen<\/li>\n<\/ul>\n<p>[\/vc_column_text][vc_custom_heading heading_semantic=&#8220;p&#8220; text_size=&#8220;&#8220; text_color=&#8220;color-169240&#8243;]Bisherige T\u00e4tigkeitsfelder[\/vc_custom_heading][vc_column_text]<\/p>\n<ul>\n<li>kaufm\u00e4nnische T\u00e4tigkeit (Pharma\/Chemie)<\/li>\n<li>Organisationsentwicklung (Gesundheitswesen)<\/li>\n<li>Hochschulentwicklung<\/li>\n<li>seit 2009 Gesch\u00e4ftsf\u00fchrerin House of Management GmbH<\/li>\n<\/ul>\n<p>[\/vc_column_text][vc_custom_heading heading_semantic=&#8220;p&#8220; text_size=&#8220;&#8220; text_color=&#8220;color-169240&#8243;]<strong>Aus- und Weiterbildung<\/strong>[\/vc_custom_heading][vc_column_text]<\/p>\n<ul>\n<li>Dipl.-Kauffrau<\/li>\n<li>Dipl.-Handelslehrerin<\/li>\n<li>Trainer-Ausbildung<\/li>\n<li>Zertifizierter Planspieltrainer<\/li>\n<li>Akkreditierte TMS-Beraterin<\/li>\n<li>Wirtschaftsmediatorin (EBS)<\/li>\n<li>Negotiator (EBS)<\/li>\n<li>Coach (EBS)<\/li>\n<\/ul>\n<p>[\/vc_column_text][vc_custom_heading heading_semantic=&#8220;p&#8220; text_size=&#8220;&#8220; text_color=&#8220;color-169240&#8243;]Seminarsprachen[\/vc_custom_heading][vc_column_text]<\/p>\n<ul>\n<li>Deutsch<\/li>\n<\/ul>\n<p>[\/vc_column_text][vc_custom_heading heading_semantic=&#8220;p&#8220; text_size=&#8220;&#8220; text_color=&#8220;color-169240&#8243;]Referenzen (Auswahl)[\/vc_custom_heading][vc_column_text]<\/p>\n<ul>\n<li>Schmolz + Bickenbach, D\u00fcsseldorf (Stahl)<\/li>\n<li>Linde MH, Aschaffenburg (Technologiekonzern)<\/li>\n<li>Schober Information Group (Daten- und Informationsprovider)<\/li>\n<li>Groz-Beckert (Maschinenbau)<\/li>\n<li>KRONOS, Leverkusen (Chemie)<\/li>\n<li>Gesamtverband der kunststoffverarbeitenden Industrie (GKV), Frankfurt\/M.<\/li>\n<li>EBS Universit\u00e4t f\u00fcr Wirtschaft und Recht\/EBS Business School (Universit\u00e4t)<\/li>\n<li>EBS Executive Education, Oestrich-Winkel (Weiterbildung)<\/li>\n<li>HVB HypoVereinsbank, M\u00fcnchen<\/li>\n<\/ul>\n<p>[\/vc_column_text][vc_custom_heading heading_semantic=&#8220;p&#8220; text_size=&#8220;&#8220; text_color=&#8220;color-169240&#8243;]Ver\u00f6ffentlichungen[\/vc_custom_heading][vc_column_text]<\/p>\n<ul>\n<li>&#8222;Trainee-Programme&#8220;, Handbuch Personalentwicklung 92. Erg.-Lfg.<\/li>\n<li>&#8222;Kollegiale Beratung&#8220;, Handbuch Personalentwicklung, 124. Erg.-Lfg.<\/li>\n<\/ul>\n<p>[\/vc_column_text][\/vc_column_inner][\/vc_row_inner][\/vc_tab][vc_tab title=&#8220;Achim Weimer&#8220; tab_id=&#8220;1592299761087-9-4&#8243;][vc_row_inner limit_content=&#8220;&#8220;][vc_column_inner width=&#8220;1\/4&#8243;][vc_single_image media=&#8220;1292&#8243; media_width_use_pixel=&#8220;yes&#8220; shape=&#8220;img-round&#8220; media_width_pixel=&#8220;250&#8243;][vc_icon position=&#8220;left&#8220; icon=&#8220;fa fa-file-pdf-o&#8220; icon_color=&#8220;color-169240&#8243; background_style=&#8220;fa-rounded&#8220; size=&#8220;fa-3x&#8220; heading_semantic=&#8220;p&#8220; text_font=&#8220;font-275683&#8243; text_size=&#8220;&#8220; add_margin=&#8220;yes&#8220; link=&#8220;url:https%3A%2F%2Fbueser-akademie.com%2Fwp-content%2Fuploads%2F2020%2F06%2FBeraterprofil-Achim-Weimer.pdf||target:%20_blank|&#8220;][\/vc_icon][\/vc_column_inner][vc_column_inner column_width_percent=&#8220;100&#8243; gutter_size=&#8220;2&#8243; overlay_alpha=&#8220;50&#8243; shift_x=&#8220;0&#8243; shift_y=&#8220;0&#8243; shift_y_down=&#8220;0&#8243; z_index=&#8220;0&#8243; medium_width=&#8220;0&#8243; mobile_width=&#8220;0&#8243; width=&#8220;3\/4&#8243;][vc_custom_heading heading_semantic=&#8220;p&#8220; text_size=&#8220;&#8220; text_color=&#8220;color-169240&#8243;]Beratungsschwerpunkte[\/vc_custom_heading][vc_column_text]<\/p>\n<ul>\n<li>Unternehmenstheater<\/li>\n<li>K\u00f6rpersprache und Kommunikation<\/li>\n<li>Gelebtes Leitbild<\/li>\n<li>Leitbildentwicklung<\/li>\n<li>Kreativtrainings<\/li>\n<li>F\u00fchrungskr\u00e4fte-Coaching<\/li>\n<li>Szenische Moderation von Veranstaltungen<\/li>\n<\/ul>\n<p>[\/vc_column_text][vc_custom_heading heading_semantic=&#8220;p&#8220; text_size=&#8220;&#8220; text_color=&#8220;color-169240&#8243;]Bisherige T\u00e4tigkeitsfelder[\/vc_custom_heading][vc_column_text]<\/p>\n<ul>\n<li>1979 \u2013 86: Polizeibeamter<\/li>\n<li>1987 \u2013 95: Studium &amp; verschiedene Lehrt\u00e4tigkeiten<\/li>\n<li>1996 \u2013 99: Schauspieler und Regisseur am Galli Theater Frankfurt<\/li>\n<li>seit 2000: Gr\u00fcndung und Leitung des TINKO Unternehmenstheaters Gie\u00dfen<\/li>\n<li>Schauspieler, Autor, Regisseur<\/li>\n<li>Trainer und Coach<\/li>\n<\/ul>\n<p>[\/vc_column_text][vc_custom_heading heading_semantic=&#8220;p&#8220; text_size=&#8220;&#8220; text_color=&#8220;color-169240&#8243;]Aus- und Weiterbildungen[\/vc_custom_heading][vc_column_text]<\/p>\n<ul>\n<li>Polizeischule<\/li>\n<li>Studium Geschichte und Germanistik<\/li>\n<li>Schauspiel und Regie bei Johannes Galli<\/li>\n<li>Intensive Fortbildungen zu Themen der Pers\u00f6nlichkeitsentwicklung<\/li>\n<\/ul>\n<p>[\/vc_column_text][vc_custom_heading heading_semantic=&#8220;p&#8220; text_size=&#8220;&#8220; text_color=&#8220;color-169240&#8243;]Seminarsprachen[\/vc_custom_heading][vc_column_text]<\/p>\n<ul>\n<li>Deutsch<\/li>\n<\/ul>\n<p>[\/vc_column_text][vc_custom_heading heading_semantic=&#8220;p&#8220; text_size=&#8220;&#8220; text_color=&#8220;color-169240&#8243;]Referenzen (Auswahl)[\/vc_custom_heading][vc_column_text]<\/p>\n<ul>\n<li>Bundesministerium f\u00fcr Arbeit und Soziales<\/li>\n<li>Zufall Logistics<\/li>\n<li>VW<\/li>\n<li>Hessisches Wirtschaftsministerium<\/li>\n<li>Bundessozialgericht Kassel<\/li>\n<li>Volksbank Sindelfingen<\/li>\n<li>Volksbank Mittelhessen<\/li>\n<li>Sparkasse Mainz<\/li>\n<li>Degussa Bank<\/li>\n<li>Stadt Viernheim<\/li>\n<li>DB Regio<\/li>\n<li>Provinzial Versicherungen<\/li>\n<li>Generali Deutschland<\/li>\n<li>DHL<\/li>\n<li>IHK Gie\u00dfen<\/li>\n<li>K\u00f6nig+Neurath<\/li>\n<li>hessnatur<\/li>\n<li>Bundesministerium f\u00fcr Bildung<\/li>\n<li>Bundesministerium f\u00fcr Justiz<\/li>\n<li>F\u00fcrstenberg Managerberatung<\/li>\n<li>T\u00dcV Hessen S\u00fcd<\/li>\n<\/ul>\n<p>[\/vc_column_text][\/vc_column_inner][\/vc_row_inner][\/vc_tab][vc_tab title=&#8220;Thomas Hartmann&#8220; tab_id=&#8220;1580129510762-9-9&#8243;][vc_row_inner limit_content=&#8220;&#8220;][vc_column_inner width=&#8220;1\/4&#8243;][vc_single_image media=&#8220;244&#8243; media_width_use_pixel=&#8220;yes&#8220; shape=&#8220;img-round&#8220; media_width_pixel=&#8220;250&#8243;][vc_icon position=&#8220;left&#8220; icon=&#8220;fa fa-file-pdf-o&#8220; icon_color=&#8220;color-169240&#8243; background_style=&#8220;fa-rounded&#8220; size=&#8220;fa-3x&#8220; heading_semantic=&#8220;p&#8220; text_font=&#8220;font-275683&#8243; text_size=&#8220;&#8220; add_margin=&#8220;yes&#8220; link=&#8220;url:https%3A%2F%2Fbueser-akademie.com%2Fwp-content%2Fuploads%2F2020%2F01%2FBeraterprofil_Thomas_Hartmann_Bueser_Akademie.pdf||target:%20_blank|&#8220;][\/vc_icon][\/vc_column_inner][vc_column_inner column_width_percent=&#8220;100&#8243; gutter_size=&#8220;2&#8243; overlay_alpha=&#8220;50&#8243; shift_x=&#8220;0&#8243; shift_y=&#8220;0&#8243; shift_y_down=&#8220;0&#8243; z_index=&#8220;0&#8243; medium_width=&#8220;0&#8243; mobile_width=&#8220;0&#8243; width=&#8220;3\/4&#8243;][vc_custom_heading heading_semantic=&#8220;p&#8220; text_size=&#8220;&#8220; text_color=&#8220;color-169240&#8243;]Beratungsschwerpunkte[\/vc_custom_heading][vc_column_text]<\/p>\n<ul>\n<li>Unternehmenstheater\/Unternehmenskabarett<\/li>\n<li>Markt- und Zielgruppenanalyse<\/li>\n<li>Kundenberatung und Konzeptionsentwicklung<\/li>\n<li>Vertriebs- und H\u00e4ndlermotivaton<\/li>\n<li>Klassische Kommunikation<\/li>\n<li>Konflikt- und Beschwerdemanagement<\/li>\n<li>Aufbau von Au\u00dfendienst-Teams<\/li>\n<li>Aufbau von Marketing-Beraterteams im B2B- und B2C-Bereich<\/li>\n<li>Key Account Management<\/li>\n<li>Beratung bis auf Gesch\u00e4ftsf\u00fchrerebene<\/li>\n<\/ul>\n<p>[\/vc_column_text][vc_custom_heading heading_semantic=&#8220;p&#8220; text_size=&#8220;&#8220; text_color=&#8220;color-169240&#8243;]Bisherige T\u00e4tigkeitsfelder[\/vc_custom_heading][vc_column_text]<\/p>\n<ul>\n<li>Personal- und Organisationsentwicklung<\/li>\n<li>Strategisches und operatives Personalmanagement<\/li>\n<li>F\u00fchrungskr\u00e4fteberatung\/Coaching<\/li>\n<li>Arbeitsrecht<\/li>\n<\/ul>\n<p>[\/vc_column_text][vc_custom_heading heading_semantic=&#8220;p&#8220; text_size=&#8220;&#8220; text_color=&#8220;color-169240&#8243;]Ausbildung[\/vc_custom_heading][vc_column_text]<\/p>\n<ul>\n<li>Diplom-Kaufmann, Johann Wolfgang Goethe-Universit\u00e4t, Frankfurt\/M.<\/li>\n<\/ul>\n<p>[\/vc_column_text][vc_custom_heading heading_semantic=&#8220;p&#8220; text_size=&#8220;&#8220; text_color=&#8220;color-169240&#8243;]Seminarsprachen[\/vc_custom_heading][vc_column_text]<\/p>\n<ul>\n<li>Deutsch<\/li>\n<li>Englisch<\/li>\n<\/ul>\n<p>[\/vc_column_text][vc_custom_heading heading_semantic=&#8220;p&#8220; text_size=&#8220;&#8220; text_color=&#8220;color-169240&#8243;]Referenzen[\/vc_custom_heading][vc_column_text]<\/p>\n<ul>\n<li>AHC Oberfl\u00e4chentechnik GmbH<\/li>\n<\/ul>\n<p>[\/vc_column_text][\/vc_column_inner][\/vc_row_inner][\/vc_tab][\/vc_tabs][\/vc_column][\/vc_row]<\/p>\n","protected":false},"excerpt":{"rendered":"<p>[vc_row][vc_column width=&#8220;1\/1&#8243;][vc_column_text]Alle Trainer der Dr. B\u00fcser Management Akademie verf\u00fcgen \u00fcber eine akademische Ausbildung und jahrelange Praxiserfahrung. Weiterhin haben sie eine [&hellip;]<\/p>\n","protected":false},"author":2,"featured_media":0,"parent":0,"menu_order":0,"comment_status":"closed","ping_status":"closed","template":"","meta":[],"_links":{"self":[{"href":"https:\/\/bueser-akademie.com\/index.php\/wp-json\/wp\/v2\/pages\/11"}],"collection":[{"href":"https:\/\/bueser-akademie.com\/index.php\/wp-json\/wp\/v2\/pages"}],"about":[{"href":"https:\/\/bueser-akademie.com\/index.php\/wp-json\/wp\/v2\/types\/page"}],"author":[{"embeddable":true,"href":"https:\/\/bueser-akademie.com\/index.php\/wp-json\/wp\/v2\/users\/2"}],"replies":[{"embeddable":true,"href":"https:\/\/bueser-akademie.com\/index.php\/wp-json\/wp\/v2\/comments?post=11"}],"version-history":[{"count":94,"href":"https:\/\/bueser-akademie.com\/index.php\/wp-json\/wp\/v2\/pages\/11\/revisions"}],"predecessor-version":[{"id":2524,"href":"https:\/\/bueser-akademie.com\/index.php\/wp-json\/wp\/v2\/pages\/11\/revisions\/2524"}],"wp:attachment":[{"href":"https:\/\/bueser-akademie.com\/index.php\/wp-json\/wp\/v2\/media?parent=11"}],"curies":[{"name":"wp","href":"https:\/\/api.w.org\/{rel}","templated":true}]}}