{"id":206,"date":"2020-01-21T11:17:53","date_gmt":"2020-01-21T10:17:53","guid":{"rendered":"https:\/\/bueser-akademie.com\/?page_id=206"},"modified":"2020-07-24T11:17:47","modified_gmt":"2020-07-24T10:17:47","slug":"partner","status":"publish","type":"page","link":"https:\/\/bueser-akademie.com\/index.php\/partner\/","title":{"rendered":"Kooperationen"},"content":{"rendered":"<p>[vc_row][vc_column width=&#8220;1\/4&#8243;][vc_single_image media=&#8220;1404&#8243; media_width_percent=&#8220;89&#8243; media_link=&#8220;url:https%3A%2F%2Fwww.hs-osnabrueck.de%2Fwiso%2F||target:%20_blank|&#8220;][\/vc_column][vc_column column_width_percent=&#8220;100&#8243; gutter_size=&#8220;3&#8243; overlay_alpha=&#8220;50&#8243; shift_x=&#8220;0&#8243; shift_y=&#8220;0&#8243; shift_y_down=&#8220;0&#8243; z_index=&#8220;0&#8243; medium_width=&#8220;0&#8243; mobile_width=&#8220;0&#8243; width=&#8220;3\/4&#8243;][vc_column_text]Das <em>Institut f\u00fcr Personal und Schl\u00fcsselqualifikationen des Managements (Ifps)<\/em> ist angeschlossen an den Lehrstuhl f\u00fcr Personalmanagement von<em> Prof. Dr. Carsten Steinert<\/em> an der Hochschule Osnabr\u00fcck. Es ist spezialisiert auf Beratung rund um das Themenfeld des Personalmanagements. Die entwickelten Konzepte sind nicht nur wissenschaftlich fundiert, sondern vor allem auch praktisch umsetzbar.<\/p>\n<p><a href=\"https:\/\/www.hs-osnabrueck.de\/prof-dr-carsten-steinert\/#c227512\" target=\"_blank\" rel=\"noopener noreferrer\">https:\/\/www.hs-osnabrueck.de\/prof-dr-carsten-steinert\/#c227512<\/a>[\/vc_column_text][\/vc_column][\/vc_row][vc_row][vc_column column_width_percent=&#8220;100&#8243; gutter_size=&#8220;3&#8243; overlay_alpha=&#8220;50&#8243; shift_x=&#8220;0&#8243; shift_y=&#8220;-2&#8243; shift_y_down=&#8220;0&#8243; z_index=&#8220;0&#8243; medium_width=&#8220;0&#8243; mobile_width=&#8220;0&#8243; width=&#8220;1\/1&#8243;][vc_separator][\/vc_column][\/vc_row][vc_row][vc_column column_width_percent=&#8220;100&#8243; gutter_size=&#8220;3&#8243; overlay_alpha=&#8220;50&#8243; shift_x=&#8220;0&#8243; shift_y=&#8220;-3&#8243; shift_y_down=&#8220;0&#8243; z_index=&#8220;0&#8243; medium_width=&#8220;0&#8243; mobile_width=&#8220;0&#8243; width=&#8220;1\/4&#8243;][vc_single_image media=&#8220;1406&#8243; media_width_percent=&#8220;89&#8243; media_link=&#8220;url:https%3A%2F%2Fwww.hs-osnabrueck.de%2Fwiso%2F||target:%20_blank|&#8220;][\/vc_column][vc_column column_width_percent=&#8220;100&#8243; gutter_size=&#8220;3&#8243; overlay_alpha=&#8220;50&#8243; shift_x=&#8220;0&#8243; shift_y=&#8220;-3&#8243; shift_y_down=&#8220;0&#8243; z_index=&#8220;0&#8243; medium_width=&#8220;0&#8243; mobile_width=&#8220;0&#8243; width=&#8220;3\/4&#8243;][vc_column_text]<em>die schrittmacher<\/em>\u00a0stehen f\u00fcr team- und erlebnisorientierte Veranstaltungen. Mit Herzschlag aktiv f\u00fcr Veranstaltungen jeder Gr\u00f6\u00dfenordnung und ortsunabh\u00e4ngig<strong>.<\/strong>\u00a0Events, die in Erinnerung bleiben!<\/p>\n<p><a href=\"https:\/\/www.dieschrittmacher.de\/\" target=\"_blank\" rel=\"noopener noreferrer\">https:\/\/www.dieschrittmacher.de<\/a>[\/vc_column_text][\/vc_column][\/vc_row][vc_row][vc_column column_width_percent=&#8220;100&#8243; gutter_size=&#8220;3&#8243; overlay_alpha=&#8220;50&#8243; shift_x=&#8220;0&#8243; shift_y=&#8220;-2&#8243; shift_y_down=&#8220;0&#8243; z_index=&#8220;0&#8243; medium_width=&#8220;0&#8243; mobile_width=&#8220;0&#8243; width=&#8220;1\/1&#8243;][vc_separator][\/vc_column][\/vc_row][vc_row][vc_column column_width_use_pixel=&#8220;yes&#8220; gutter_size=&#8220;3&#8243; overlay_alpha=&#8220;50&#8243; shift_x=&#8220;0&#8243; shift_y=&#8220;-3&#8243; shift_y_down=&#8220;0&#8243; z_index=&#8220;0&#8243; medium_width=&#8220;0&#8243; mobile_width=&#8220;0&#8243; width=&#8220;1\/4&#8243; column_width_pixel=&#8220;250 px&#8220;][vc_single_image media=&#8220;1409&#8243; media_width_percent=&#8220;73&#8243; alignment=&#8220;center&#8220; media_link=&#8220;url:http%3A%2F%2Fwww.ingenium.de||target:%20_blank|&#8220;][\/vc_column][vc_column column_width_percent=&#8220;100&#8243; gutter_size=&#8220;3&#8243; overlay_alpha=&#8220;50&#8243; shift_x=&#8220;0&#8243; shift_y=&#8220;-3&#8243; shift_y_down=&#8220;0&#8243; z_index=&#8220;0&#8243; medium_width=&#8220;0&#8243; mobile_width=&#8220;0&#8243; width=&#8220;3\/4&#8243;][vc_column_text]<em>Ingenium<\/em>\u00a0\u2013 Institut f\u00fcr Unternehmensentwicklung und innovative Medien ist Pionier der E-Learning-Branche und seit \u00fcber 20 Jahren und an deren Entwicklung ma\u00dfgeblich beteiligt. Durch kontinuierliche Forschung im Bereich \u201eWissen und Lernen\u201c tr\u00e4gt es erheblich zur Entwicklung des E-Learning-Markts bei.<\/p>\n<p>Ingenium bietet seinen Kunden viele fertige Lernmodule zu unterschiedlichen Themen, insbesondere zu den Schwerpunkten Fremdfirmenmanagement und Digitalisierung, sowie multimediale Pr\u00e4sentation durch professionelle Sprecher, Video, Animation und interaktive \u00dcbungen inklusive Erfolgskontrollen und Zertifikate.<\/p>\n<p>Ingeniums Software ist f\u00fcr den Einsatz in Unternehmen konzipiert, um Lernende und Lerninhalte zusammenzubringen. Die Software l\u00e4sst sich problemlos an das Corporate Design der Kunden anpassen und erm\u00f6glicht es den Personalverantwortlichen, durch einfaches Monitoring den Lernfortschritt ihrer Mitarbeiter zu begleiten.<\/p>\n<p>Ingenium erstellt f\u00fcr seine Kunden individuelle Lernmodule, ber\u00e4t sie rund um die Themen \u201eE-Learning\u201c sowie \u201eWissensmanagement\u201c und begleitet die Einf\u00fchrung von E-Learning-L\u00f6sungen von der Anforderungsanalyse bis zur Live-Schaltung.<\/p>\n<p><a href=\"https:\/\/www.ingenium.de\/\" target=\"_blank\" rel=\"noopener noreferrer\">https:\/\/www.ingenium.de<\/a>[\/vc_column_text][\/vc_column][\/vc_row][vc_row][vc_column column_width_percent=&#8220;100&#8243; gutter_size=&#8220;3&#8243; overlay_alpha=&#8220;50&#8243; shift_x=&#8220;0&#8243; shift_y=&#8220;-2&#8243; shift_y_down=&#8220;0&#8243; z_index=&#8220;0&#8243; medium_width=&#8220;0&#8243; mobile_width=&#8220;0&#8243; width=&#8220;1\/1&#8243;][vc_separator][\/vc_column][\/vc_row][vc_row][vc_column column_width_use_pixel=&#8220;yes&#8220; gutter_size=&#8220;3&#8243; overlay_alpha=&#8220;50&#8243; shift_x=&#8220;0&#8243; shift_y=&#8220;-3&#8243; shift_y_down=&#8220;0&#8243; z_index=&#8220;0&#8243; medium_width=&#8220;0&#8243; mobile_width=&#8220;0&#8243; width=&#8220;1\/4&#8243; column_width_pixel=&#8220;235 px&#8220;][vc_single_image media=&#8220;1408&#8243; media_width_percent=&#8220;97&#8243; media_link=&#8220;url:https%3A%2F%2Ftopsim.com%2Fde%2Fbildung%2F%23portfolio||target:%20_blank|&#8220;][\/vc_column][vc_column column_width_percent=&#8220;100&#8243; gutter_size=&#8220;3&#8243; overlay_alpha=&#8220;50&#8243; shift_x=&#8220;0&#8243; shift_y=&#8220;-3&#8243; shift_y_down=&#8220;0&#8243; z_index=&#8220;0&#8243; medium_width=&#8220;0&#8243; mobile_width=&#8220;0&#8243; width=&#8220;3\/4&#8243;][vc_column_text]<em>TOPSIM<\/em>\u00a0ist ein Anbieter f\u00fcr\u00a0<a href=\"https:\/\/de.wikipedia.org\/wiki\/Unternehmensplanspiel\">Unternehmensplanspiele<\/a>\u00a0f\u00fcr die Aus- und Weiterbildung verschiedener Zielgruppen.\u00a0<em>TOPSIM\u00a0<\/em>ist unser Partner f\u00fcr das virtuelle Unternehmensplanspiel \u201eGeneral Management\u201c, das von Dr. B\u00fcser und Prof. Dr. Steinert durchgef\u00fchrt wird.<\/p>\n<p><a href=\"https:\/\/topsim.com\/de\/bildung\/#portfolio\" target=\"_blank\" rel=\"noopener noreferrer\">https:\/\/topsim.com\/de<\/a>[\/vc_column_text][\/vc_column][\/vc_row][vc_row][vc_column column_width_percent=&#8220;100&#8243; gutter_size=&#8220;3&#8243; overlay_alpha=&#8220;50&#8243; shift_x=&#8220;0&#8243; shift_y=&#8220;-2&#8243; shift_y_down=&#8220;0&#8243; z_index=&#8220;0&#8243; medium_width=&#8220;0&#8243; mobile_width=&#8220;0&#8243; width=&#8220;1\/1&#8243;][vc_separator][\/vc_column][\/vc_row][vc_row][vc_column column_width_use_pixel=&#8220;yes&#8220; gutter_size=&#8220;3&#8243; overlay_alpha=&#8220;50&#8243; shift_x=&#8220;0&#8243; shift_y=&#8220;-3&#8243; shift_y_down=&#8220;0&#8243; z_index=&#8220;0&#8243; medium_width=&#8220;0&#8243; mobile_width=&#8220;0&#8243; width=&#8220;1\/4&#8243; column_width_pixel=&#8220;235 px&#8220;][vc_single_image media=&#8220;1397&#8243; media_width_percent=&#8220;97&#8243; media_link=&#8220;url:http%3A%2F%2Fwww.be-opt.com||target:%20_blank|&#8220;][\/vc_column][vc_column column_width_percent=&#8220;100&#8243; gutter_size=&#8220;3&#8243; overlay_alpha=&#8220;50&#8243; shift_x=&#8220;0&#8243; shift_y=&#8220;-3&#8243; shift_y_down=&#8220;0&#8243; z_index=&#8220;0&#8243; medium_width=&#8220;0&#8243; mobile_width=&#8220;0&#8243; width=&#8220;3\/4&#8243;][vc_column_text]ist das Weiterbildungsinstitut von Dr. Angela Velthuis, einer Expertin f\u00fcr Beratung, Coaching und Training von Managern und Privatpersonen auf h\u00f6chstem Niveau. Kunden werden individuell beraten und profitieren von der hervorragenden Umsicht, Erfahrung, Bildung und Integrit\u00e4t von Frau Dr. Velthuis.<\/p>\n<p><a href=\"http:\/\/www.be-opt.com\/\" target=\"_blank\" rel=\"noopener noreferrer\">http:\/\/www.be-opt.com<\/a>[\/vc_column_text][\/vc_column][\/vc_row][vc_row][vc_column column_width_percent=&#8220;100&#8243; gutter_size=&#8220;3&#8243; overlay_alpha=&#8220;50&#8243; shift_x=&#8220;0&#8243; shift_y=&#8220;-2&#8243; shift_y_down=&#8220;0&#8243; z_index=&#8220;0&#8243; medium_width=&#8220;0&#8243; mobile_width=&#8220;0&#8243; width=&#8220;1\/1&#8243;][vc_separator][\/vc_column][\/vc_row][vc_row][vc_column column_width_use_pixel=&#8220;yes&#8220; gutter_size=&#8220;3&#8243; overlay_alpha=&#8220;50&#8243; shift_x=&#8220;0&#8243; shift_y=&#8220;-3&#8243; shift_y_down=&#8220;0&#8243; z_index=&#8220;0&#8243; medium_width=&#8220;0&#8243; mobile_width=&#8220;0&#8243; width=&#8220;1\/4&#8243; column_width_pixel=&#8220;235 px&#8220;][vc_single_image media=&#8220;1405&#8243; media_width_percent=&#8220;97&#8243; media_link=&#8220;url:https%3A%2F%2Fmarkushornig.com%2F||target:%20_blank|&#8220;][\/vc_column][vc_column column_width_percent=&#8220;100&#8243; gutter_size=&#8220;3&#8243; overlay_alpha=&#8220;50&#8243; shift_x=&#8220;0&#8243; shift_y=&#8220;-3&#8243; shift_y_down=&#8220;0&#8243; z_index=&#8220;0&#8243; medium_width=&#8220;0&#8243; mobile_width=&#8220;0&#8243; width=&#8220;3\/4&#8243;][vc_column_text]<em>Markus Hornig<\/em>\u00a0ist Coach in Spitzensport und Wirtschaft, Autor mehrerer B\u00fccher, Speaker, Berater f\u00fcr Gesundheitsmanagement und Kolumnist von Focus-Online. Er war der j\u00fcngste Cheftrainer aller Zeiten in der Tennis-Bundesliga, hat etliche deutsche Daviscup-Spieler betreut und war als Mentaltrainer ma\u00dfgeblich am Gewinn der Goldmedaille der Frauenfu\u00dfball-Nationalmannschaft in Rio beteiligt. Nach dieser Karriere widmete er sich der Frage, was Menschen \u2013 sowohl im Sport und Beruf \u2013 zu Spitzenleistungen treibt und wie man es schafft, unter h\u00f6chstem Druck seine Bestleistung abzurufen.<\/p>\n<p><a href=\"https:\/\/markushornig.com\/\" target=\"_blank\" rel=\"noopener noreferrer\">https:\/\/markushornig.com<\/a>[\/vc_column_text][\/vc_column][\/vc_row][vc_row][vc_column column_width_percent=&#8220;100&#8243; gutter_size=&#8220;3&#8243; overlay_alpha=&#8220;50&#8243; shift_x=&#8220;0&#8243; shift_y=&#8220;-2&#8243; shift_y_down=&#8220;0&#8243; z_index=&#8220;0&#8243; medium_width=&#8220;0&#8243; mobile_width=&#8220;0&#8243; width=&#8220;1\/1&#8243;][vc_separator][\/vc_column][\/vc_row][vc_row][vc_column column_width_use_pixel=&#8220;yes&#8220; gutter_size=&#8220;3&#8243; overlay_alpha=&#8220;50&#8243; shift_x=&#8220;0&#8243; shift_y=&#8220;-3&#8243; shift_y_down=&#8220;0&#8243; z_index=&#8220;0&#8243; medium_width=&#8220;0&#8243; mobile_width=&#8220;0&#8243; width=&#8220;1\/4&#8243; column_width_pixel=&#8220;235 px&#8220;][vc_single_image media=&#8220;1407&#8243; media_width_percent=&#8220;97&#8243; media_link=&#8220;url:https%3A%2F%2Fwww.team.energy||target:%20_blank|&#8220;][\/vc_column][vc_column column_width_percent=&#8220;100&#8243; gutter_size=&#8220;3&#8243; overlay_alpha=&#8220;50&#8243; shift_x=&#8220;0&#8243; shift_y=&#8220;-3&#8243; shift_y_down=&#8220;0&#8243; z_index=&#8220;0&#8243; medium_width=&#8220;0&#8243; mobile_width=&#8220;0&#8243; width=&#8220;3\/4&#8243;][vc_column_text]<em>TMS-Zentrum<\/em>\u00a0Die Team Management Services GmbH stellt Trainern, Coaches und HR-Professionals Instrumente bereit, damit starke Teams entstehen, die leichter und besser Resultate erzielen. Zu den bekanntesten Instrumenten z\u00e4hlt das Team Management System von Margerison-McCann (TMS) und das Team Performance System von Drexler\/Sibbet.<\/p>\n<p><a href=\"https:\/\/www.team.energy\/\" target=\"_blank\" rel=\"noopener noreferrer\">https:\/\/www.team.energy<\/a>[\/vc_column_text][\/vc_column][\/vc_row]<\/p>\n","protected":false},"excerpt":{"rendered":"<p>[vc_row][vc_column width=&#8220;1\/4&#8243;][vc_single_image media=&#8220;1404&#8243; media_width_percent=&#8220;89&#8243; media_link=&#8220;url:https%3A%2F%2Fwww.hs-osnabrueck.de%2Fwiso%2F||target:%20_blank|&#8220;][\/vc_column][vc_column column_width_percent=&#8220;100&#8243; gutter_size=&#8220;3&#8243; overlay_alpha=&#8220;50&#8243; shift_x=&#8220;0&#8243; shift_y=&#8220;0&#8243; shift_y_down=&#8220;0&#8243; z_index=&#8220;0&#8243; medium_width=&#8220;0&#8243; mobile_width=&#8220;0&#8243; width=&#8220;3\/4&#8243;][vc_column_text]Das Institut f\u00fcr Personal und Schl\u00fcsselqualifikationen [&hellip;]<\/p>\n","protected":false},"author":2,"featured_media":0,"parent":0,"menu_order":0,"comment_status":"closed","ping_status":"closed","template":"","meta":[],"_links":{"self":[{"href":"https:\/\/bueser-akademie.com\/index.php\/wp-json\/wp\/v2\/pages\/206"}],"collection":[{"href":"https:\/\/bueser-akademie.com\/index.php\/wp-json\/wp\/v2\/pages"}],"about":[{"href":"https:\/\/bueser-akademie.com\/index.php\/wp-json\/wp\/v2\/types\/page"}],"author":[{"embeddable":true,"href":"https:\/\/bueser-akademie.com\/index.php\/wp-json\/wp\/v2\/users\/2"}],"replies":[{"embeddable":true,"href":"https:\/\/bueser-akademie.com\/index.php\/wp-json\/wp\/v2\/comments?post=206"}],"version-history":[{"count":118,"href":"https:\/\/bueser-akademie.com\/index.php\/wp-json\/wp\/v2\/pages\/206\/revisions"}],"predecessor-version":[{"id":2532,"href":"https:\/\/bueser-akademie.com\/index.php\/wp-json\/wp\/v2\/pages\/206\/revisions\/2532"}],"wp:attachment":[{"href":"https:\/\/bueser-akademie.com\/index.php\/wp-json\/wp\/v2\/media?parent=206"}],"curies":[{"name":"wp","href":"https:\/\/api.w.org\/{rel}","templated":true}]}}